{"id":14193,"date":"2023-06-02T13:07:50","date_gmt":"2023-06-02T11:07:50","guid":{"rendered":"https:\/\/www.sevillademoda.es\/escuela\/?page_id=14193"},"modified":"2025-03-25T10:27:19","modified_gmt":"2025-03-25T08:27:19","slug":"catedra-internacional-moda-flamenca","status":"publish","type":"page","link":"https:\/\/www.sevillademoda.es\/escuela\/estudios\/catedra-internacional-moda-flamenca\/","title":{"rendered":"C\u00c1TEDRA INTERNACIONAL MODA FLAMENCA"},"content":{"rendered":"<p>[et_pb_section fb_built=\u00bb1&#8243; _builder_version=\u00bb4.20.2&#8243; _module_preset=\u00bbdefault\u00bb global_colors_info=\u00bb{}\u00bb][et_pb_row column_structure=\u00bb1_2,1_2&#8243; use_custom_gutter=\u00bbon\u00bb gutter_width=\u00bb1&#8243; padding_mobile=\u00bboff\u00bb make_equal=\u00bbon\u00bb column_padding_mobile=\u00bbon\u00bb admin_label=\u00bbrow\u00bb module_class=\u00bb et_pb_row_fullwidth\u00bb _builder_version=\u00bb4.20.2&#8243; background_size=\u00bbinitial\u00bb background_position=\u00bbtop_left\u00bb background_repeat=\u00bbrepeat\u00bb width=\u00bb100%\u00bb width_tablet=\u00bb100%\u00bb width_phone=\u00bb100%\u00bb width_last_edited=\u00bbon|desktop\u00bb max_width=\u00bb100%\u00bb max_width_tablet=\u00bb100%\u00bb max_width_phone=\u00bb100%\u00bb max_width_last_edited=\u00bbon|desktop\u00bb custom_margin=\u00bb-50px|||\u00bb custom_padding=\u00bb||0px|||\u00bb make_fullwidth=\u00bbon\u00bb use_custom_width=\u00bboff\u00bb width_unit=\u00bbon\u00bb global_colors_info=\u00bb{}\u00bb][et_pb_column type=\u00bb1_2&#8243; _builder_version=\u00bb4.20.2&#8243; background_image=\u00bbhttps:\/\/www.sevillademoda.es\/escuela\/wp-content\/uploads\/MG_5482-scaled.jpg\u00bb custom_padding=\u00bb|||\u00bb global_colors_info=\u00bb{}\u00bb custom_padding__hover=\u00bb|||\u00bb][\/et_pb_column][et_pb_column type=\u00bb1_2&#8243; _builder_version=\u00bb4.16&#8243; custom_padding=\u00bb|||\u00bb global_colors_info=\u00bb{}\u00bb custom_padding__hover=\u00bb|||\u00bb][et_pb_cta title=\u00bbC\u00c1TEDRA INTERNACIONAL MODA FLAMENCA\u00bb admin_label=\u00bbLlamada a la acci\u00f3n\u00bb _builder_version=\u00bb4.20.2&#8243; header_font=\u00bbOswald||||\u00bb header_font_size=\u00bb30&#8243; background_color=\u00bb#000000&#8243; background_size=\u00bbinitial\u00bb background_position=\u00bbtop_left\u00bb background_repeat=\u00bbrepeat\u00bb text_orientation=\u00bbjustified\u00bb hover_enabled=\u00bb0&#8243; use_border_color=\u00bboff\u00bb border_color=\u00bb#ffffff\u00bb border_style=\u00bbsolid\u00bb button_letter_spacing_hover=\u00bb0&#8243; global_colors_info=\u00bb{}\u00bb button_text_size__hover_enabled=\u00bboff\u00bb button_one_text_size__hover_enabled=\u00bboff\u00bb button_two_text_size__hover_enabled=\u00bboff\u00bb button_text_color__hover_enabled=\u00bboff\u00bb button_one_text_color__hover_enabled=\u00bboff\u00bb button_two_text_color__hover_enabled=\u00bboff\u00bb button_border_width__hover_enabled=\u00bboff\u00bb button_one_border_width__hover_enabled=\u00bboff\u00bb button_two_border_width__hover_enabled=\u00bboff\u00bb button_border_color__hover_enabled=\u00bboff\u00bb button_one_border_color__hover_enabled=\u00bboff\u00bb button_two_border_color__hover_enabled=\u00bboff\u00bb button_border_radius__hover_enabled=\u00bboff\u00bb button_one_border_radius__hover_enabled=\u00bboff\u00bb button_two_border_radius__hover_enabled=\u00bboff\u00bb button_letter_spacing__hover_enabled=\u00bbon\u00bb button_letter_spacing__hover=\u00bb0&#8243; button_one_letter_spacing__hover_enabled=\u00bboff\u00bb button_two_letter_spacing__hover_enabled=\u00bboff\u00bb button_bg_color__hover_enabled=\u00bboff\u00bb button_one_bg_color__hover_enabled=\u00bboff\u00bb button_two_bg_color__hover_enabled=\u00bboff\u00bb sticky_enabled=\u00bb0&#8243;]<\/p>\n<div id=\"comp-k9owp5bq2\" class=\"txtNew\" data-packed=\"true\">La C\u00e1tedra Internacional de Moda Flamenca, trata de dar salida a una de las m\u00e1s notables especialidades del dise\u00f1o de moda para fortalecer el protagonismo de la Moda Flamenca en sus estructuras empresariales. Los aspirantes a iniciar su aventura profesional como empresarios de moda flamenca, podr\u00e1n materializar su pasi\u00f3n a trav\u00e9s de una formaci\u00f3n altamente cualificada, con conocimientos te\u00f3rico-pr\u00e1cticos, que les capaciten para acceder al sector textil para desarrollar su labor art\u00edstica.<\/div>\n<div class=\"txtNew\" data-packed=\"true\">\n<p class=\"font_8\" style=\"text-align: justify;\">\n<p class=\"font_8\" style=\"text-align: justify;\">\u00a0El traje de flamenca es una vestimenta que, siendo un traje regional, incorpora las tendencias actuales de la moda m\u00e1s viva. Es el \u00fanico traje aut\u00f3ctono del mundo que se adapta anualmente a los dict\u00e1menes que marca el sector de la moda. Por ello ha despertado el inter\u00e9s y la fascinaci\u00f3n de los grandes maestros de la alta costura al conjugar elementos singulares de la cultura andaluza como lunares, flecos y volantes, redimensionado a las \u00f3rdenes de la costura cl\u00e1sica.<\/p>\n<p class=\"font_8\" style=\"text-align: justify;\">El traje de flamenca conjuga a la perfecci\u00f3n costumbre e innovaci\u00f3n. Ello hace que su estudio sea tan atractivo para estudiantes de Moda y profesionales que indagan todas las posibilidades que la Moda del traje de Flamenca inspira, para aplicarlo al propio traje regional como para sus correspondientes adaptaciones a las modas nacionales.<\/p>\n<p style=\"text-align: justify;\">\n<\/div>\n<p>[\/et_pb_cta][\/et_pb_column][\/et_pb_row][\/et_pb_section][et_pb_section fb_built=\u00bb1&#8243; custom_padding_last_edited=\u00bbon|desktop\u00bb admin_label=\u00bbSecci\u00f3n\u00bb _builder_version=\u00bb4.20.2&#8243; background_color=\u00bb#000000&#8243; custom_padding_tablet=\u00bb50px|0|50px|0&#8243; custom_padding_phone=\u00bb50px|0|50px|0&#8243; transparent_background=\u00bboff\u00bb padding_mobile=\u00bboff\u00bb make_fullwidth=\u00bboff\u00bb use_custom_width=\u00bboff\u00bb width_unit=\u00bbon\u00bb global_colors_info=\u00bb{}\u00bb][et_pb_row column_structure=\u00bb1_4,1_4,1_4,1_4&#8243; _builder_version=\u00bb4.20.2&#8243; _module_preset=\u00bbdefault\u00bb global_colors_info=\u00bb{}\u00bb][et_pb_column type=\u00bb1_4&#8243; _builder_version=\u00bb4.20.2&#8243; _module_preset=\u00bbdefault\u00bb global_colors_info=\u00bb{}\u00bb][et_pb_text _builder_version=\u00bb4.20.2&#8243; _module_preset=\u00bbdefault\u00bb text_font=\u00bbBebas Neue||||||||\u00bb text_text_color=\u00bb#FFFFFF\u00bb text_font_size=\u00bb25px\u00bb hover_enabled=\u00bb0&#8243; global_colors_info=\u00bb{}\u00bb sticky_enabled=\u00bb0&#8243;]<\/p>\n<p>ACCIONES INTERNACIONALES<\/p>\n<p>[\/et_pb_text][et_pb_text _builder_version=\u00bb4.20.2&#8243; _module_preset=\u00bbdefault\u00bb text_text_color=\u00bb#FFFFFF\u00bb hover_enabled=\u00bb0&#8243; global_colors_info=\u00bb{}\u00bb sticky_enabled=\u00bb0&#8243;]<\/p>\n<p class=\"font_8\" style=\"text-align: justify;\">ESSDM fomenta distintas acciones internacionales a trav\u00e9s de la C\u00e1tedra. Entre los proyectos internacionales de moda flamenca, destacamos el realizado por ESSDM, el <span>Liceo Art\u00edstico Chierici de Reggio Emilia y la Accademia Mario Foroni de Verona. Los dise\u00f1adores de las tres Escuelas hicieron una colecci\u00f3n de moda flamenca inspirada en la Alhambra de Granada.\u00a0<\/span><\/p>\n<p class=\"font_8\" style=\"text-align: justify;\">La Ciudad de Tur\u00edn, y su semana de la moda, han sido elegidos para mostrar las creaciones de firmas andaluzas. El objetivo de esta acci\u00f3n es exhibir las se\u00f1as de identidad de la marca Andaluc\u00eda durante la Semana de la Moda de Tur\u00edn.<\/p>\n<p>[\/et_pb_text][\/et_pb_column][et_pb_column type=\u00bb1_4&#8243; _builder_version=\u00bb4.20.2&#8243; _module_preset=\u00bbdefault\u00bb global_colors_info=\u00bb{}\u00bb][et_pb_text _builder_version=\u00bb4.20.2&#8243; _module_preset=\u00bbdefault\u00bb text_font=\u00bbBebas Neue||||||||\u00bb text_text_color=\u00bb#FFFFFF\u00bb text_font_size=\u00bb25px\u00bb hover_enabled=\u00bb0&#8243; global_colors_info=\u00bb{}\u00bb sticky_enabled=\u00bb0&#8243;]<\/p>\n<p>T\u00cdTULO ESSDM DISE\u00d1O MODA FLAMENCA<\/p>\n<p>[\/et_pb_text][et_pb_text _builder_version=\u00bb4.20.2&#8243; _module_preset=\u00bbdefault\u00bb text_text_color=\u00bb#FFFFFF\u00bb hover_enabled=\u00bb0&#8243; global_colors_info=\u00bb{}\u00bb sticky_enabled=\u00bb0&#8243;]<\/p>\n<p class=\"font_8\" style=\"text-align: justify;\">El <a href=\"https:\/\/www.sevillademoda.es\/escuela\/catedra-internacional-moda-flamenca-essdm\/\">T\u00edtulo ESSDM de Dise\u00f1ador de Moda Flamenca<\/a>, que se encuentra dentro de La C\u00e1tedra Internacional de Moda Flamenca, trata de dar salida a una de las m\u00e1s notables especialidades del dise\u00f1o de moda para fortalecer el protagonismo de la Moda Flamenca en sus estructuras empresariales. \u00a0<a href=\"https:\/\/www.sevillademoda.es\/escuela\/catedra-internacional-moda-flamenca-essdm\/\">M\u00c1S INFORMACI\u00d3N<\/a><\/p>\n<p class=\"font_8\" style=\"text-align: justify;\">Los aspirantes a iniciar su aventura profesional como empresarios de moda flamenca, podr\u00e1n materializar su pasi\u00f3n a trav\u00e9s de una formaci\u00f3n altamente cualificada, con conocimientos te\u00f3rico-pr\u00e1cticos, que les capaciten para acceder al sector textil para desarrollar su labor art\u00edstica.<\/p>\n<p>[\/et_pb_text][\/et_pb_column][et_pb_column type=\u00bb1_4&#8243; _builder_version=\u00bb4.20.2&#8243; _module_preset=\u00bbdefault\u00bb global_colors_info=\u00bb{}\u00bb][et_pb_text _builder_version=\u00bb4.20.2&#8243; _module_preset=\u00bbdefault\u00bb text_font=\u00bbBebas Neue||||||||\u00bb text_text_color=\u00bb#FFFFFF\u00bb text_font_size=\u00bb25px\u00bb hover_enabled=\u00bb0&#8243; global_colors_info=\u00bb{}\u00bb sticky_enabled=\u00bb0&#8243;]<\/p>\n<p>PREMIER LUNAR<\/p>\n<p>[\/et_pb_text][et_pb_text _builder_version=\u00bb4.20.2&#8243; _module_preset=\u00bbdefault\u00bb text_text_color=\u00bb#FFFFFF\u00bb global_colors_info=\u00bb{}\u00bb]<\/p>\n<p class=\"font_8\" style=\"text-align: justify;\">La Pasarela de Moda Flamenca, Premier Lunar, es el marco que acoge los dise\u00f1os del traje regional andaluz. La plataforma estar\u00e1 integrada por cientos de dise\u00f1os de los alumnos de ESSDM que, de forma anual, mostrar\u00e1n la conjugaci\u00f3n entre costumbre e innovaci\u00f3n.<\/p>\n<p class=\"font_8\" style=\"text-align: justify;\">ESSDM ofrece a sus estudiantes unas instalaciones \u00f3ptimas para poner en marcha su aprendizaje creativo, junto con un equipo docente de expertos en las principales \u00e1reas del Dise\u00f1o de Moda Flamenca. Todo ello ir\u00e1 acompa\u00f1ado de un programa de experiencias que ayudar\u00e1 al alumno a complementar su formaci\u00f3n, desde una clara visi\u00f3n estrat\u00e9gica.<\/p>\n<p>[\/et_pb_text][\/et_pb_column][et_pb_column type=\u00bb1_4&#8243; _builder_version=\u00bb4.20.2&#8243; _module_preset=\u00bbdefault\u00bb global_colors_info=\u00bb{}\u00bb][et_pb_text _builder_version=\u00bb4.20.2&#8243; _module_preset=\u00bbdefault\u00bb text_font=\u00bbBebas Neue||||||||\u00bb text_text_color=\u00bb#FFFFFF\u00bb text_font_size=\u00bb25px\u00bb hover_enabled=\u00bb0&#8243; global_colors_info=\u00bb{}\u00bb sticky_enabled=\u00bb0&#8243;]<\/p>\n<p>PROGRAMAS PARA EXTRANJEROS<\/p>\n<p>[\/et_pb_text][et_pb_text _builder_version=\u00bb4.20.2&#8243; _module_preset=\u00bbdefault\u00bb text_text_color=\u00bb#FFFFFF\u00bb global_colors_info=\u00bb{}\u00bb]<\/p>\n<p class=\"font_8\" style=\"text-align: justify;\">El Centro ofrece programas de intercambio y estudio internacional para sus estudiantes. Este proyecto contribuye a la educaci\u00f3n intercultural y al aprendizaje a trav\u00e9s de experiencias globales.<\/p>\n<p class=\"font_8\" style=\"text-align: justify;\">ESSDM organiza formaciones te\u00f3rico &#8211; pr\u00e1cticas para el conocimiento y desarrollo del traje regional. Los alumnos conocer\u00e1n la historia y evoluci\u00f3n, as\u00ed como los usos actuales.\u00a0Los programas ofrecen un aumento de las habilidades del alumno, a trav\u00e9s de vivencias en un entorno diferente, donde el idioma y las costumbres revalorizan las habilidades esenciales para lograr el \u00e9xito dentro de su profesi\u00f3n.<\/p>\n<p>[\/et_pb_text][\/et_pb_column][\/et_pb_row][et_pb_row column_structure=\u00bb1_3,1_3,1_3&#8243; use_custom_gutter=\u00bbon\u00bb gutter_width=\u00bb1&#8243; padding_mobile=\u00bboff\u00bb make_equal=\u00bbon\u00bb column_padding_mobile=\u00bbon\u00bb admin_label=\u00bbFila\u00bb module_class=\u00bb et_pb_row_fullwidth\u00bb _builder_version=\u00bb4.20.2&#8243; background_color=\u00bb#000000&#8243; background_size=\u00bbinitial\u00bb background_position=\u00bbtop_left\u00bb background_repeat=\u00bbrepeat\u00bb width=\u00bb100%\u00bb width_tablet=\u00bb100%\u00bb width_phone=\u00bb100%\u00bb width_last_edited=\u00bbon|desktop\u00bb max_width=\u00bb100%\u00bb max_width_tablet=\u00bb100%\u00bb max_width_phone=\u00bb100%\u00bb max_width_last_edited=\u00bbon|desktop\u00bb custom_padding=\u00bb29px|||||\u00bb make_fullwidth=\u00bbon\u00bb use_custom_width=\u00bboff\u00bb width_unit=\u00bbon\u00bb global_colors_info=\u00bb{}\u00bb][et_pb_column type=\u00bb1_3&#8243; _builder_version=\u00bb4.16&#8243; custom_padding=\u00bb|||\u00bb global_colors_info=\u00bb{}\u00bb custom_padding__hover=\u00bb|||\u00bb][et_pb_slider show_pagination=\u00bboff\u00bb admin_label=\u00bbDeslizador\u00bb _builder_version=\u00bb4.20.2&#8243; body_font=\u00bbMontserrat|on|||\u00bb body_font_size=\u00bb40&#8243; body_line_height=\u00bb3em\u00bb custom_padding=\u00bb100px|0px|250px|0px\u00bb custom_padding_tablet=\u00bb|||\u00bb custom_padding_phone=\u00bb|||\u00bb auto=\u00bbon\u00bb box_shadow_style=\u00bbpreset6&#8243; box_shadow_blur=\u00bb10px\u00bb box_shadow_color=\u00bbrgba(0,0,0,0.1)\u00bb button_letter_spacing_hover=\u00bb0&#8243; top_padding=\u00bb100px\u00bb bottom_padding=\u00bb250px\u00bb remove_inner_shadow=\u00bboff\u00bb hide_content_on_mobile=\u00bboff\u00bb hide_cta_on_mobile=\u00bboff\u00bb show_inner_shadow=\u00bbon\u00bb global_colors_info=\u00bb{}\u00bb button_text_size__hover_enabled=\u00bboff\u00bb button_one_text_size__hover_enabled=\u00bboff\u00bb button_two_text_size__hover_enabled=\u00bboff\u00bb button_text_color__hover_enabled=\u00bboff\u00bb button_one_text_color__hover_enabled=\u00bboff\u00bb button_two_text_color__hover_enabled=\u00bboff\u00bb button_border_width__hover_enabled=\u00bboff\u00bb button_one_border_width__hover_enabled=\u00bboff\u00bb button_two_border_width__hover_enabled=\u00bboff\u00bb button_border_color__hover_enabled=\u00bboff\u00bb button_one_border_color__hover_enabled=\u00bboff\u00bb button_two_border_color__hover_enabled=\u00bboff\u00bb button_border_radius__hover_enabled=\u00bboff\u00bb button_one_border_radius__hover_enabled=\u00bboff\u00bb button_two_border_radius__hover_enabled=\u00bboff\u00bb button_letter_spacing__hover_enabled=\u00bbon\u00bb button_letter_spacing__hover=\u00bb0&#8243; button_one_letter_spacing__hover_enabled=\u00bboff\u00bb button_two_letter_spacing__hover_enabled=\u00bboff\u00bb button_bg_color__hover_enabled=\u00bboff\u00bb button_one_bg_color__hover_enabled=\u00bboff\u00bb button_two_bg_color__hover_enabled=\u00bboff\u00bb][et_pb_slide use_bg_overlay=\u00bbon\u00bb bg_overlay_color=\u00bbrgba(0,0,0,0.23)\u00bb use_text_overlay=\u00bboff\u00bb _builder_version=\u00bb4.20.2&#8243; header_font=\u00bbMontserrat|on|||\u00bb header_font_size=\u00bb30&#8243; body_font=\u00bbMontserrat|on|||\u00bb body_font_size=\u00bb30&#8243; background_color=\u00bbrgba(0,191,57,0)\u00bb background_image=\u00bbhttps:\/\/www.sevillademoda.es\/escuela\/wp-content\/uploads\/CatedraModaFlamenca-e1685693000246.jpg\u00bb background_enable_image=\u00bbon\u00bb custom_button=\u00bbon\u00bb button_text_size=\u00bb30&#8243; button_border_width=\u00bb0&#8243; button_font=\u00bb||||\u00bb button_use_icon=\u00bboff\u00bb header_font_size_tablet=\u00bb60&#8243; header_font_size_phone=\u00bb60&#8243; body_font_size_tablet=\u00bb30&#8243; body_font_size_phone=\u00bb30&#8243; button_text_size_tablet=\u00bb30&#8243; button_text_size_phone=\u00bb30&#8243; global_colors_info=\u00bb{}\u00bb button_text_size__hover_enabled=\u00bboff\u00bb button_one_text_size__hover_enabled=\u00bboff\u00bb button_two_text_size__hover_enabled=\u00bboff\u00bb button_text_color__hover_enabled=\u00bboff\u00bb button_one_text_color__hover_enabled=\u00bboff\u00bb button_two_text_color__hover_enabled=\u00bboff\u00bb button_border_width__hover_enabled=\u00bboff\u00bb button_one_border_width__hover_enabled=\u00bboff\u00bb button_two_border_width__hover_enabled=\u00bboff\u00bb button_border_color__hover_enabled=\u00bboff\u00bb button_one_border_color__hover_enabled=\u00bboff\u00bb button_two_border_color__hover_enabled=\u00bboff\u00bb button_border_radius__hover_enabled=\u00bboff\u00bb button_one_border_radius__hover_enabled=\u00bboff\u00bb button_two_border_radius__hover_enabled=\u00bboff\u00bb button_letter_spacing__hover_enabled=\u00bboff\u00bb button_one_letter_spacing__hover_enabled=\u00bboff\u00bb button_two_letter_spacing__hover_enabled=\u00bboff\u00bb button_bg_color__hover_enabled=\u00bboff\u00bb button_one_bg_color__hover_enabled=\u00bboff\u00bb button_two_bg_color__hover_enabled=\u00bboff\u00bb sticky_transition=\u00bbon\u00bb][\/et_pb_slide][\/et_pb_slider][\/et_pb_column][et_pb_column type=\u00bb1_3&#8243; _builder_version=\u00bb4.16&#8243; background_image=\u00bbhttp:\/\/www.sevillademoda.es\/escuela\/wp-content\/uploads\/BANNER-WEB-1.jpg\u00bb custom_padding=\u00bb|||\u00bb global_colors_info=\u00bb{}\u00bb custom_padding__hover=\u00bb|||\u00bb][et_pb_slider show_pagination=\u00bboff\u00bb admin_label=\u00bbDeslizador\u00bb _builder_version=\u00bb4.20.2&#8243; body_font=\u00bbMontserrat|on|||\u00bb body_font_size=\u00bb40&#8243; body_line_height=\u00bb3em\u00bb custom_padding=\u00bb100px|0px|250px|0px\u00bb custom_padding_tablet=\u00bb|||\u00bb custom_padding_phone=\u00bb|||\u00bb auto=\u00bbon\u00bb box_shadow_style=\u00bbpreset6&#8243; box_shadow_blur=\u00bb10px\u00bb box_shadow_color=\u00bbrgba(0,0,0,0.1)\u00bb button_letter_spacing_hover=\u00bb0&#8243; top_padding=\u00bb100px\u00bb bottom_padding=\u00bb250px\u00bb remove_inner_shadow=\u00bboff\u00bb hide_content_on_mobile=\u00bboff\u00bb hide_cta_on_mobile=\u00bboff\u00bb show_inner_shadow=\u00bbon\u00bb global_colors_info=\u00bb{}\u00bb button_text_size__hover_enabled=\u00bboff\u00bb button_one_text_size__hover_enabled=\u00bboff\u00bb button_two_text_size__hover_enabled=\u00bboff\u00bb button_text_color__hover_enabled=\u00bboff\u00bb button_one_text_color__hover_enabled=\u00bboff\u00bb button_two_text_color__hover_enabled=\u00bboff\u00bb button_border_width__hover_enabled=\u00bboff\u00bb button_one_border_width__hover_enabled=\u00bboff\u00bb button_two_border_width__hover_enabled=\u00bboff\u00bb button_border_color__hover_enabled=\u00bboff\u00bb button_one_border_color__hover_enabled=\u00bboff\u00bb button_two_border_color__hover_enabled=\u00bboff\u00bb button_border_radius__hover_enabled=\u00bboff\u00bb button_one_border_radius__hover_enabled=\u00bboff\u00bb button_two_border_radius__hover_enabled=\u00bboff\u00bb button_letter_spacing__hover_enabled=\u00bbon\u00bb button_letter_spacing__hover=\u00bb0&#8243; button_one_letter_spacing__hover_enabled=\u00bboff\u00bb button_two_letter_spacing__hover_enabled=\u00bboff\u00bb button_bg_color__hover_enabled=\u00bboff\u00bb button_one_bg_color__hover_enabled=\u00bboff\u00bb button_two_bg_color__hover_enabled=\u00bboff\u00bb][et_pb_slide use_bg_overlay=\u00bbon\u00bb bg_overlay_color=\u00bbrgba(0,0,0,0.23)\u00bb use_text_overlay=\u00bboff\u00bb _builder_version=\u00bb4.20.2&#8243; header_font=\u00bbMontserrat|on|||\u00bb header_font_size=\u00bb30&#8243; body_font=\u00bbMontserrat|on|||\u00bb body_font_size=\u00bb30&#8243; background_color=\u00bbrgba(0,191,57,0)\u00bb background_image=\u00bbhttps:\/\/www.sevillademoda.es\/escuela\/wp-content\/uploads\/0f68c755-9882-4ef8-9848-0c2008f45e6f-1.jpg\u00bb background_enable_image=\u00bbon\u00bb custom_button=\u00bbon\u00bb button_text_size=\u00bb30&#8243; button_border_width=\u00bb0&#8243; button_font=\u00bb||||\u00bb button_use_icon=\u00bboff\u00bb header_font_size_tablet=\u00bb60&#8243; header_font_size_phone=\u00bb60&#8243; body_font_size_tablet=\u00bb30&#8243; body_font_size_phone=\u00bb30&#8243; button_text_size_tablet=\u00bb30&#8243; button_text_size_phone=\u00bb30&#8243; global_colors_info=\u00bb{}\u00bb button_text_size__hover_enabled=\u00bboff\u00bb button_one_text_size__hover_enabled=\u00bboff\u00bb button_two_text_size__hover_enabled=\u00bboff\u00bb button_text_color__hover_enabled=\u00bboff\u00bb button_one_text_color__hover_enabled=\u00bboff\u00bb button_two_text_color__hover_enabled=\u00bboff\u00bb button_border_width__hover_enabled=\u00bboff\u00bb button_one_border_width__hover_enabled=\u00bboff\u00bb button_two_border_width__hover_enabled=\u00bboff\u00bb button_border_color__hover_enabled=\u00bboff\u00bb button_one_border_color__hover_enabled=\u00bboff\u00bb button_two_border_color__hover_enabled=\u00bboff\u00bb button_border_radius__hover_enabled=\u00bboff\u00bb button_one_border_radius__hover_enabled=\u00bboff\u00bb button_two_border_radius__hover_enabled=\u00bboff\u00bb button_letter_spacing__hover_enabled=\u00bboff\u00bb button_one_letter_spacing__hover_enabled=\u00bboff\u00bb button_two_letter_spacing__hover_enabled=\u00bboff\u00bb button_bg_color__hover_enabled=\u00bboff\u00bb button_one_bg_color__hover_enabled=\u00bboff\u00bb button_two_bg_color__hover_enabled=\u00bboff\u00bb sticky_transition=\u00bbon\u00bb][\/et_pb_slide][\/et_pb_slider][\/et_pb_column][et_pb_column type=\u00bb1_3&#8243; _builder_version=\u00bb4.16&#8243; custom_padding=\u00bb|||\u00bb global_colors_info=\u00bb{}\u00bb custom_padding__hover=\u00bb|||\u00bb][et_pb_slider show_pagination=\u00bboff\u00bb admin_label=\u00bbDeslizador\u00bb _builder_version=\u00bb4.20.2&#8243; body_font=\u00bbMontserrat|on|||\u00bb body_font_size=\u00bb40&#8243; body_line_height=\u00bb3em\u00bb background_color=\u00bbRGBA(255,255,255,0)\u00bb custom_padding=\u00bb100px|0px|250px|0px\u00bb custom_padding_tablet=\u00bb|||\u00bb custom_padding_phone=\u00bb|||\u00bb box_shadow_style=\u00bbpreset6&#8243; box_shadow_blur=\u00bb10px\u00bb box_shadow_color=\u00bbrgba(0,0,0,0.1)\u00bb button_letter_spacing_hover=\u00bb0&#8243; top_padding=\u00bb100px\u00bb bottom_padding=\u00bb250px\u00bb remove_inner_shadow=\u00bboff\u00bb hide_content_on_mobile=\u00bboff\u00bb hide_cta_on_mobile=\u00bboff\u00bb show_inner_shadow=\u00bbon\u00bb global_colors_info=\u00bb{}\u00bb button_text_size__hover_enabled=\u00bboff\u00bb button_one_text_size__hover_enabled=\u00bboff\u00bb button_two_text_size__hover_enabled=\u00bboff\u00bb button_text_color__hover_enabled=\u00bboff\u00bb button_one_text_color__hover_enabled=\u00bboff\u00bb button_two_text_color__hover_enabled=\u00bboff\u00bb button_border_width__hover_enabled=\u00bboff\u00bb button_one_border_width__hover_enabled=\u00bboff\u00bb button_two_border_width__hover_enabled=\u00bboff\u00bb button_border_color__hover_enabled=\u00bboff\u00bb button_one_border_color__hover_enabled=\u00bboff\u00bb button_two_border_color__hover_enabled=\u00bboff\u00bb button_border_radius__hover_enabled=\u00bboff\u00bb button_one_border_radius__hover_enabled=\u00bboff\u00bb button_two_border_radius__hover_enabled=\u00bboff\u00bb button_letter_spacing__hover_enabled=\u00bbon\u00bb button_letter_spacing__hover=\u00bb0&#8243; button_one_letter_spacing__hover_enabled=\u00bboff\u00bb button_two_letter_spacing__hover_enabled=\u00bboff\u00bb button_bg_color__hover_enabled=\u00bboff\u00bb button_one_bg_color__hover_enabled=\u00bboff\u00bb button_two_bg_color__hover_enabled=\u00bboff\u00bb][et_pb_slide use_bg_overlay=\u00bbon\u00bb bg_overlay_color=\u00bbrgba(0,0,0,0.23)\u00bb use_text_overlay=\u00bboff\u00bb _builder_version=\u00bb4.20.2&#8243; header_font=\u00bbMontserrat|on|||\u00bb header_font_size=\u00bb30&#8243; body_font=\u00bbMontserrat||||\u00bb body_font_size=\u00bb30&#8243; background_color=\u00bbrgba(0,191,57,0)\u00bb background_image=\u00bbhttps:\/\/www.sevillademoda.es\/escuela\/wp-content\/uploads\/MG_1747-scaled.jpg\u00bb background_enable_image=\u00bbon\u00bb custom_button=\u00bbon\u00bb button_text_size=\u00bb30&#8243; button_border_width=\u00bb0&#8243; button_font=\u00bb||||\u00bb button_use_icon=\u00bboff\u00bb header_font_size_tablet=\u00bb60&#8243; header_font_size_phone=\u00bb60&#8243; body_font_size_tablet=\u00bb30&#8243; body_font_size_phone=\u00bb30&#8243; button_text_size_tablet=\u00bb30&#8243; button_text_size_phone=\u00bb30&#8243; global_colors_info=\u00bb{}\u00bb button_text_size__hover_enabled=\u00bboff\u00bb button_one_text_size__hover_enabled=\u00bboff\u00bb button_two_text_size__hover_enabled=\u00bboff\u00bb button_text_color__hover_enabled=\u00bboff\u00bb button_one_text_color__hover_enabled=\u00bboff\u00bb button_two_text_color__hover_enabled=\u00bboff\u00bb button_border_width__hover_enabled=\u00bboff\u00bb button_one_border_width__hover_enabled=\u00bboff\u00bb button_two_border_width__hover_enabled=\u00bboff\u00bb button_border_color__hover_enabled=\u00bboff\u00bb button_one_border_color__hover_enabled=\u00bboff\u00bb button_two_border_color__hover_enabled=\u00bboff\u00bb button_border_radius__hover_enabled=\u00bboff\u00bb button_one_border_radius__hover_enabled=\u00bboff\u00bb button_two_border_radius__hover_enabled=\u00bboff\u00bb button_letter_spacing__hover_enabled=\u00bboff\u00bb button_one_letter_spacing__hover_enabled=\u00bboff\u00bb button_two_letter_spacing__hover_enabled=\u00bboff\u00bb button_bg_color__hover_enabled=\u00bboff\u00bb button_one_bg_color__hover_enabled=\u00bboff\u00bb button_two_bg_color__hover_enabled=\u00bboff\u00bb sticky_transition=\u00bbon\u00bb][\/et_pb_slide][\/et_pb_slider][\/et_pb_column][\/et_pb_row][\/et_pb_section]<\/p>\n","protected":false},"excerpt":{"rendered":"<p>La C\u00e1tedra Internacional de Moda Flamenca, trata de dar salida a una de las m\u00e1s notables especialidades del dise\u00f1o de moda para fortalecer el protagonismo de la Moda Flamenca en sus estructuras empresariales. Los aspirantes a iniciar su aventura profesional como empresarios de moda flamenca, podr\u00e1n materializar su pasi\u00f3n a trav\u00e9s de una formaci\u00f3n altamente [&hellip;]<\/p>\n","protected":false},"author":1,"featured_media":0,"parent":126,"menu_order":0,"comment_status":"closed","ping_status":"closed","template":"","meta":{"_et_pb_use_builder":"on","_et_pb_old_content":"","_et_gb_content_width":"","_joinchat":[],"footnotes":""},"class_list":["post-14193","page","type-page","status-publish","hentry"],"_links":{"self":[{"href":"https:\/\/www.sevillademoda.es\/escuela\/wp-json\/wp\/v2\/pages\/14193","targetHints":{"allow":["GET"]}}],"collection":[{"href":"https:\/\/www.sevillademoda.es\/escuela\/wp-json\/wp\/v2\/pages"}],"about":[{"href":"https:\/\/www.sevillademoda.es\/escuela\/wp-json\/wp\/v2\/types\/page"}],"author":[{"embeddable":true,"href":"https:\/\/www.sevillademoda.es\/escuela\/wp-json\/wp\/v2\/users\/1"}],"replies":[{"embeddable":true,"href":"https:\/\/www.sevillademoda.es\/escuela\/wp-json\/wp\/v2\/comments?post=14193"}],"version-history":[{"count":12,"href":"https:\/\/www.sevillademoda.es\/escuela\/wp-json\/wp\/v2\/pages\/14193\/revisions"}],"predecessor-version":[{"id":15530,"href":"https:\/\/www.sevillademoda.es\/escuela\/wp-json\/wp\/v2\/pages\/14193\/revisions\/15530"}],"up":[{"embeddable":true,"href":"https:\/\/www.sevillademoda.es\/escuela\/wp-json\/wp\/v2\/pages\/126"}],"wp:attachment":[{"href":"https:\/\/www.sevillademoda.es\/escuela\/wp-json\/wp\/v2\/media?parent=14193"}],"curies":[{"name":"wp","href":"https:\/\/api.w.org\/{rel}","templated":true}]}}