{"id":114,"date":"2016-03-14T15:33:05","date_gmt":"2016-03-14T15:33:05","guid":{"rendered":"http:\/\/www.sevillademoda.es\/escuela\/?page_id=114"},"modified":"2026-04-13T19:38:57","modified_gmt":"2026-04-13T17:38:57","slug":"contacto","status":"publish","type":"page","link":"https:\/\/www.sevillademoda.es\/escuela\/contacto\/","title":{"rendered":"CONTACTO"},"content":{"rendered":"<p>[et_pb_section fb_built=\u00bb1&#8243; fullwidth=\u00bbon\u00bb custom_padding_last_edited=\u00bbon|desktop\u00bb admin_label=\u00bbSecci\u00f3n\u00bb _builder_version=\u00bb4.16&#8243; background_color=\u00bb#840000&#8243; custom_padding_tablet=\u00bb50px|0|50px|0&#8243; custom_padding_phone=\u00bb\u00bb transparent_background=\u00bboff\u00bb padding_mobile=\u00bboff\u00bb make_fullwidth=\u00bboff\u00bb use_custom_width=\u00bboff\u00bb width_unit=\u00bbon\u00bb global_colors_info=\u00bb{}\u00bb][et_pb_fullwidth_header content_max_width=\u00bbnone\u00bb admin_label=\u00bbT\u00edtulo de anchura completa\u00bb _builder_version=\u00bb4.19.0&#8243; background_color=\u00bbrgba(255, 255, 255, 0)\u00bb background_layout=\u00bblight\u00bb button_one_letter_spacing_hover=\u00bb0&#8243; button_two_letter_spacing_hover=\u00bb0&#8243; global_colors_info=\u00bb{}\u00bb button_one_text_size__hover_enabled=\u00bboff\u00bb button_two_text_size__hover_enabled=\u00bboff\u00bb button_one_text_color__hover_enabled=\u00bboff\u00bb button_two_text_color__hover_enabled=\u00bboff\u00bb button_one_border_width__hover_enabled=\u00bboff\u00bb button_two_border_width__hover_enabled=\u00bboff\u00bb button_one_border_color__hover_enabled=\u00bboff\u00bb button_two_border_color__hover_enabled=\u00bboff\u00bb button_one_border_radius__hover_enabled=\u00bboff\u00bb button_two_border_radius__hover_enabled=\u00bboff\u00bb button_one_letter_spacing__hover_enabled=\u00bbon\u00bb button_one_letter_spacing__hover=\u00bb0&#8243; button_two_letter_spacing__hover_enabled=\u00bbon\u00bb button_two_letter_spacing__hover=\u00bb0&#8243; button_one_bg_color__hover_enabled=\u00bboff\u00bb button_two_bg_color__hover_enabled=\u00bboff\u00bb]<img decoding=\"async\" src=\"https:\/\/www.sevillademoda.es\/escuela\/wp-content\/uploads\/ESSDM_horizontal_blanco-300x145.png\" width=\"400\" alt=\"\" class=\"wp-image-13908 alignnone size-medium\" style=\"display: block; margin-left: auto; margin-right: auto;\" \/>[\/et_pb_fullwidth_header][\/et_pb_section][et_pb_section fb_built=\u00bb1&#8243; admin_label=\u00bbSecci\u00f3n\u00bb _builder_version=\u00bb4.16&#8243; global_colors_info=\u00bb{}\u00bb][et_pb_row column_structure=\u00bb1_3,1_3,1_3&#8243; padding_mobile=\u00bboff\u00bb column_padding_mobile=\u00bbon\u00bb admin_label=\u00bbFila\u00bb module_class=\u00bb et_pb_row_fullwidth\u00bb _builder_version=\u00bb4.16&#8243; background_size=\u00bbinitial\u00bb background_position=\u00bbtop_left\u00bb background_repeat=\u00bbrepeat\u00bb width=\u00bb94%\u00bb width_tablet=\u00bb80%\u00bb width_phone=\u00bb\u00bb width_last_edited=\u00bbon|desktop\u00bb max_width=\u00bb94%\u00bb max_width_tablet=\u00bb80%\u00bb max_width_phone=\u00bb\u00bb max_width_last_edited=\u00bbon|desktop\u00bb make_fullwidth=\u00bbon\u00bb use_custom_width=\u00bboff\u00bb width_unit=\u00bbon\u00bb global_colors_info=\u00bb{}\u00bb][et_pb_column type=\u00bb1_3&#8243; _builder_version=\u00bb4.16&#8243; custom_padding=\u00bb|||\u00bb global_colors_info=\u00bb{}\u00bb custom_padding__hover=\u00bb|||\u00bb][et_pb_blurb use_icon=\u00bbon\u00bb font_icon=\u00bb&#xe01d;||divi||400&#8243; icon_color=\u00bb#bc1414&#8243; image_icon_width=\u00bb55px\u00bb admin_label=\u00bbAnuncio\u00bb _builder_version=\u00bb4.16&#8243; body_font_size=\u00bb16&#8243; background_size=\u00bbinitial\u00bb background_position=\u00bbtop_left\u00bb background_repeat=\u00bbrepeat\u00bb text_orientation=\u00bbcenter\u00bb use_border_color=\u00bboff\u00bb border_color=\u00bb#ffffff\u00bb border_style=\u00bbsolid\u00bb icon_font_size=\u00bb55px\u00bb global_colors_info=\u00bb{}\u00bb]<\/p>\n<p style=\"text-align: center;\"><strong>ESSDM<\/strong><br \/>\n<strong>ESCUELA SUPERIOR SEVILLA DE MODA<\/strong><br \/>\nAvenida de la Ingenier\u00eda, 9<br \/>\nParque Empresarial Arte Sacro<br \/>\n41015. Sevilla<\/p>\n<p>[\/et_pb_blurb][\/et_pb_column][et_pb_column type=\u00bb1_3&#8243; _builder_version=\u00bb4.16&#8243; custom_padding=\u00bb|||\u00bb global_colors_info=\u00bb{}\u00bb custom_padding__hover=\u00bb|||\u00bb][et_pb_blurb use_icon=\u00bbon\u00bb font_icon=\u00bb&#x7d;||divi||400&#8243; icon_color=\u00bb#bc1414&#8243; image_icon_width=\u00bb55px\u00bb admin_label=\u00bbAnuncio\u00bb _builder_version=\u00bb4.16&#8243; header_font_size=\u00bb16&#8243; body_font_size=\u00bb16&#8243; background_size=\u00bbinitial\u00bb background_position=\u00bbtop_left\u00bb background_repeat=\u00bbrepeat\u00bb text_orientation=\u00bbcenter\u00bb use_border_color=\u00bboff\u00bb border_color=\u00bb#ffffff\u00bb border_style=\u00bbsolid\u00bb icon_font_size=\u00bb55px\u00bb global_colors_info=\u00bb{}\u00bb]<\/p>\n<p style=\"text-align: center;\"><strong>HORARIO<\/strong><\/p>\n<p style=\"text-align: center;\">De Lunes a Viernes<br \/> 08:00 H &#8211; 20:00 H<br \/> Horario Ininterrumpido<\/p>\n<p>[\/et_pb_blurb][\/et_pb_column][et_pb_column type=\u00bb1_3&#8243; _builder_version=\u00bb4.16&#8243; custom_padding=\u00bb|||\u00bb global_colors_info=\u00bb{}\u00bb custom_padding__hover=\u00bb|||\u00bb][et_pb_blurb use_icon=\u00bbon\u00bb font_icon=\u00bb&#x77;||divi||400&#8243; icon_color=\u00bb#bc1414&#8243; image_icon_width=\u00bb55px\u00bb admin_label=\u00bbAnuncio\u00bb _builder_version=\u00bb4.16&#8243; header_font_size=\u00bb14&#8243; body_font_size=\u00bb16&#8243; background_size=\u00bbinitial\u00bb background_position=\u00bbtop_left\u00bb background_repeat=\u00bbrepeat\u00bb text_orientation=\u00bbcenter\u00bb use_border_color=\u00bboff\u00bb border_color=\u00bb#ffffff\u00bb border_style=\u00bbsolid\u00bb icon_font_size=\u00bb55px\u00bb global_colors_info=\u00bb{}\u00bb]<\/p>\n<p style=\"text-align: center;\"><strong>CONTACTA<\/strong><\/p>\n<p>Tel\u00e9fono fijo: 954 41 38 07 &#8211; 955 13 81 75<br \/>Email: info@essdm.es<br \/>Web: www.essdm.es<\/p>\n<p>[\/et_pb_blurb][\/et_pb_column][\/et_pb_row][et_pb_row column_structure=\u00bb3_4,1_4&#8243; padding_mobile=\u00bboff\u00bb column_padding_mobile=\u00bbon\u00bb admin_label=\u00bbFila\u00bb module_class=\u00bb et_pb_row_fullwidth\u00bb _builder_version=\u00bb4.16&#8243; background_size=\u00bbinitial\u00bb background_position=\u00bbtop_left\u00bb background_repeat=\u00bbrepeat\u00bb width=\u00bb94%\u00bb width_tablet=\u00bb80%\u00bb width_phone=\u00bb\u00bb width_last_edited=\u00bbon|desktop\u00bb max_width=\u00bb94%\u00bb max_width_tablet=\u00bb80%\u00bb max_width_phone=\u00bb\u00bb max_width_last_edited=\u00bbon|desktop\u00bb make_fullwidth=\u00bbon\u00bb use_custom_width=\u00bboff\u00bb width_unit=\u00bbon\u00bb global_colors_info=\u00bb{}\u00bb][et_pb_column type=\u00bb3_4&#8243; _builder_version=\u00bb4.16&#8243; custom_padding=\u00bb|||\u00bb global_colors_info=\u00bb{}\u00bb custom_padding__hover=\u00bb|||\u00bb][et_pb_text admin_label=\u00bbTexto\u00bb _builder_version=\u00bb4.25.1&#8243; text_font=\u00bbOswald||||\u00bb text_text_color=\u00bb#000000&#8243; text_font_size=\u00bb25&#8243; background_size=\u00bbinitial\u00bb background_position=\u00bbtop_left\u00bb background_repeat=\u00bbrepeat\u00bb use_border_color=\u00bboff\u00bb border_color=\u00bb#ffffff\u00bb border_style=\u00bbsolid\u00bb global_colors_info=\u00bb{}\u00bb]<\/p>\n<p>SOLICITA INFORMACI\u00d3N O GESTIONA TU ENTREVISTA ONLINE<\/p>\n<p>[\/et_pb_text][et_pb_contact_form email=\u00bbinfo@essdm.es\u00bb submit_button_text=\u00bbENVIAR\u00bb admin_label=\u00bbFormulario de contacto\u00bb _builder_version=\u00bb4.27.6&#8243; _unique_id=\u00bb608a1c8c-a61a-47a1-9fff-a16e12b94743&#8243; title_font_size=\u00bb25&#8243; hover_enabled=\u00bb0&#8243; border_radii=\u00bbon|0px|0px|0px|0px\u00bb use_border_color=\u00bboff\u00bb border_color=\u00bb#ffffff\u00bb border_style=\u00bbsolid\u00bb input_border_radius=\u00bb0&#8243; global_colors_info=\u00bb{}\u00bb sticky_enabled=\u00bb0&#8243;][et_pb_contact_field field_id=\u00bbName\u00bb field_title=\u00bbNombre y Apellidos\u00bb fullwidth_field=\u00bbon\u00bb _builder_version=\u00bb4.16&#8243; form_field_font=\u00bb||||\u00bb use_border_color=\u00bboff\u00bb border_style=\u00bbsolid\u00bb global_colors_info=\u00bb{}\u00bb button_text_size__hover_enabled=\u00bboff\u00bb button_one_text_size__hover_enabled=\u00bboff\u00bb button_two_text_size__hover_enabled=\u00bboff\u00bb button_text_color__hover_enabled=\u00bboff\u00bb button_one_text_color__hover_enabled=\u00bboff\u00bb button_two_text_color__hover_enabled=\u00bboff\u00bb button_border_width__hover_enabled=\u00bboff\u00bb button_one_border_width__hover_enabled=\u00bboff\u00bb button_two_border_width__hover_enabled=\u00bboff\u00bb button_border_color__hover_enabled=\u00bboff\u00bb button_one_border_color__hover_enabled=\u00bboff\u00bb button_two_border_color__hover_enabled=\u00bboff\u00bb button_border_radius__hover_enabled=\u00bboff\u00bb button_one_border_radius__hover_enabled=\u00bboff\u00bb button_two_border_radius__hover_enabled=\u00bboff\u00bb button_letter_spacing__hover_enabled=\u00bboff\u00bb button_one_letter_spacing__hover_enabled=\u00bboff\u00bb button_two_letter_spacing__hover_enabled=\u00bboff\u00bb button_bg_color__hover_enabled=\u00bboff\u00bb button_one_bg_color__hover_enabled=\u00bboff\u00bb button_two_bg_color__hover_enabled=\u00bboff\u00bb] [\/et_pb_contact_field][et_pb_contact_field field_id=\u00bbTel\u00e9fono\u00bb field_title=\u00bbTel\u00e9fono de Contacto\u00bb fullwidth_field=\u00bbon\u00bb _builder_version=\u00bb4.16&#8243; form_field_font=\u00bb||||\u00bb use_border_color=\u00bboff\u00bb border_style=\u00bbsolid\u00bb global_colors_info=\u00bb{}\u00bb button_text_size__hover_enabled=\u00bboff\u00bb button_one_text_size__hover_enabled=\u00bboff\u00bb button_two_text_size__hover_enabled=\u00bboff\u00bb button_text_color__hover_enabled=\u00bboff\u00bb button_one_text_color__hover_enabled=\u00bboff\u00bb button_two_text_color__hover_enabled=\u00bboff\u00bb button_border_width__hover_enabled=\u00bboff\u00bb button_one_border_width__hover_enabled=\u00bboff\u00bb button_two_border_width__hover_enabled=\u00bboff\u00bb button_border_color__hover_enabled=\u00bboff\u00bb button_one_border_color__hover_enabled=\u00bboff\u00bb button_two_border_color__hover_enabled=\u00bboff\u00bb button_border_radius__hover_enabled=\u00bboff\u00bb button_one_border_radius__hover_enabled=\u00bboff\u00bb button_two_border_radius__hover_enabled=\u00bboff\u00bb button_letter_spacing__hover_enabled=\u00bboff\u00bb button_one_letter_spacing__hover_enabled=\u00bboff\u00bb button_two_letter_spacing__hover_enabled=\u00bboff\u00bb button_bg_color__hover_enabled=\u00bboff\u00bb button_one_bg_color__hover_enabled=\u00bboff\u00bb button_two_bg_color__hover_enabled=\u00bboff\u00bb] [\/et_pb_contact_field][et_pb_contact_field field_id=\u00bbEmail\u00bb field_title=\u00bbDirecci\u00f3n de correo electr\u00f3nico\u00bb field_type=\u00bbemail\u00bb fullwidth_field=\u00bbon\u00bb _builder_version=\u00bb4.27.6&#8243; form_field_font=\u00bb||||\u00bb hover_enabled=\u00bb0&#8243; use_border_color=\u00bboff\u00bb border_style=\u00bbsolid\u00bb global_colors_info=\u00bb{}\u00bb button_text_size__hover_enabled=\u00bboff\u00bb button_one_text_size__hover_enabled=\u00bboff\u00bb button_two_text_size__hover_enabled=\u00bboff\u00bb button_text_color__hover_enabled=\u00bboff\u00bb button_one_text_color__hover_enabled=\u00bboff\u00bb button_two_text_color__hover_enabled=\u00bboff\u00bb button_border_width__hover_enabled=\u00bboff\u00bb button_one_border_width__hover_enabled=\u00bboff\u00bb button_two_border_width__hover_enabled=\u00bboff\u00bb button_border_color__hover_enabled=\u00bboff\u00bb button_one_border_color__hover_enabled=\u00bboff\u00bb button_two_border_color__hover_enabled=\u00bboff\u00bb button_border_radius__hover_enabled=\u00bboff\u00bb button_one_border_radius__hover_enabled=\u00bboff\u00bb button_two_border_radius__hover_enabled=\u00bboff\u00bb button_letter_spacing__hover_enabled=\u00bboff\u00bb button_one_letter_spacing__hover_enabled=\u00bboff\u00bb button_two_letter_spacing__hover_enabled=\u00bboff\u00bb button_bg_color__hover_enabled=\u00bboff\u00bb button_one_bg_color__hover_enabled=\u00bboff\u00bb button_two_bg_color__hover_enabled=\u00bboff\u00bb sticky_enabled=\u00bb0&#8243;] [\/et_pb_contact_field][et_pb_contact_field field_id=\u00bbField_7&#8243; field_title=\u00bbSelecciona el curso en el que est\u00e1 interesado\u00bb field_type=\u00bbcheckbox\u00bb checkbox_options=\u00bb%91{%22value%22:%22Grado Universitario en Dise\u00f1o de Moda%22,%22checked%22:0,%22dragID%22:-1},{%22value%22:%22Grado Universitario en Dise\u00f1o Gr\u00e1fico%22,%22checked%22:0,%22dragID%22:0},{%22value%22:%22Dise\u00f1ador T\u00e9cnico de Moda%22,%22checked%22:0,%22dragID%22:1},{%22value%22:%22C\u00e1tedra Internacional Moda Flamenca%22,%22checked%22:0,%22dragID%22:2},{%22value%22:%22M\u00e1ster Estilismo y Direcci\u00f3n Art\u00edstica%22,%22checked%22:0,%22dragID%22:3},{%22value%22:%22M\u00e1ster Direcci\u00f3n y Gesti\u00f3n de Empresas de Moda%22,%22checked%22:0,%22dragID%22:4},{%22value%22:%22M\u00e1ster Clo 3D y creaci\u00f3n de colecciones%22,%22checked%22:0,%22dragID%22:5},{%22value%22:%22M\u00e1ster en T\u00e9cnicas de Alta Costura%22,%22checked%22:0,%22dragID%22:6},{%22value%22:%22FP Dual. Grado Superior. T\u00e9cnico Confecci\u00f3n y Moda%22,%22checked%22:0,%22dragID%22:7},{%22value%22:%22FP Dual. Grado Superior. T\u00e9cnico Vestuario a medida y de Espect\u00e1culos%22,%22checked%22:0,%22dragID%22:8},{%22value%22:%22Open Day. Jornada puertas abiertas%22,%22checked%22:0,%22dragID%22:9},{%22value%22:%22Posgrado. T\u00e9cnicas de Alta Costura y Novias%22,%22checked%22:0,%22dragID%22:10},{%22value%22:%22Posgrado. Introducci\u00f3n al dise\u00f1o digital: Joyer\u00eda 3D%22,%22checked%22:0,%22dragID%22:11},{%22value%22:%22Posgrado. IA aplicada al Dise\u00f1o de Moda: Clo 3D%22,%22checked%22:0,%22dragID%22:12},{%22value%22:%22Posgrado. Introducci\u00f3n a la Sastrer\u00eda Contempor\u00e1nea%22,%22checked%22:0,%22dragID%22:13}%93&#8243; fullwidth_field=\u00bbon\u00bb _builder_version=\u00bb4.27.6&#8243; hover_enabled=\u00bb0&#8243; global_colors_info=\u00bb{}\u00bb sticky_enabled=\u00bb0&#8243;][\/et_pb_contact_field][et_pb_contact_field field_id=\u00bbMessage\u00bb field_title=\u00bbSolicita Informaci\u00f3n o especifica disponibilidad para entrevista\u00bb field_type=\u00bbtext\u00bb required_mark=\u00bboff\u00bb fullwidth_field=\u00bbon\u00bb _builder_version=\u00bb4.27.6&#8243; form_field_font=\u00bb||||\u00bb hover_enabled=\u00bb0&#8243; use_border_color=\u00bboff\u00bb border_style=\u00bbsolid\u00bb global_colors_info=\u00bb{}\u00bb button_text_size__hover_enabled=\u00bboff\u00bb button_one_text_size__hover_enabled=\u00bboff\u00bb button_two_text_size__hover_enabled=\u00bboff\u00bb button_text_color__hover_enabled=\u00bboff\u00bb button_one_text_color__hover_enabled=\u00bboff\u00bb button_two_text_color__hover_enabled=\u00bboff\u00bb button_border_width__hover_enabled=\u00bboff\u00bb button_one_border_width__hover_enabled=\u00bboff\u00bb button_two_border_width__hover_enabled=\u00bboff\u00bb button_border_color__hover_enabled=\u00bboff\u00bb button_one_border_color__hover_enabled=\u00bboff\u00bb button_two_border_color__hover_enabled=\u00bboff\u00bb button_border_radius__hover_enabled=\u00bboff\u00bb button_one_border_radius__hover_enabled=\u00bboff\u00bb button_two_border_radius__hover_enabled=\u00bboff\u00bb button_letter_spacing__hover_enabled=\u00bboff\u00bb button_one_letter_spacing__hover_enabled=\u00bboff\u00bb button_two_letter_spacing__hover_enabled=\u00bboff\u00bb button_bg_color__hover_enabled=\u00bboff\u00bb button_one_bg_color__hover_enabled=\u00bboff\u00bb button_two_bg_color__hover_enabled=\u00bboff\u00bb sticky_enabled=\u00bb0&#8243;] [\/et_pb_contact_field][\/et_pb_contact_form][et_pb_text admin_label=\u00bbTexto\u00bb _builder_version=\u00bb4.16&#8243; text_font=\u00bbOswald||||\u00bb text_text_color=\u00bb#000000&#8243; text_font_size=\u00bb25&#8243; background_size=\u00bbinitial\u00bb background_position=\u00bbtop_left\u00bb background_repeat=\u00bbrepeat\u00bb use_border_color=\u00bboff\u00bb border_color=\u00bb#ffffff\u00bb border_style=\u00bbsolid\u00bb global_colors_info=\u00bb{}\u00bb]C\u00d3MO LLEGAR A ESSDM<br \/>\n[\/et_pb_text][\/et_pb_column][et_pb_column type=\u00bb1_4&#8243; _builder_version=\u00bb4.16&#8243; custom_padding=\u00bb|||\u00bb global_colors_info=\u00bb{}\u00bb custom_padding__hover=\u00bb|||\u00bb][et_pb_image src=\u00bbhttps:\/\/www.sevillademoda.es\/escuela\/wp-content\/uploads\/hugh-han-eTEaDL15tf8-unsplash1-scaled.jpg\u00bb align_tablet=\u00bbcenter\u00bb align_phone=\u00bb\u00bb align_last_edited=\u00bbon|desktop\u00bb admin_label=\u00bbImagen\u00bb _builder_version=\u00bb4.16&#8243; animation_style=\u00bbslide\u00bb animation_direction=\u00bbleft\u00bb animation_duration=\u00bb500ms\u00bb animation_intensity_slide=\u00bb10%\u00bb use_border_color=\u00bboff\u00bb border_color=\u00bb#ffffff\u00bb border_style=\u00bbsolid\u00bb animation=\u00bbleft\u00bb sticky=\u00bboff\u00bb always_center_on_mobile=\u00bbon\u00bb global_colors_info=\u00bb{}\u00bb]&nbsp;<br \/>\n[\/et_pb_image][\/et_pb_column][\/et_pb_row][et_pb_row padding_mobile=\u00bboff\u00bb column_padding_mobile=\u00bbon\u00bb admin_label=\u00bbFila\u00bb module_class=\u00bb et_pb_row_fullwidth\u00bb _builder_version=\u00bb4.16&#8243; background_size=\u00bbinitial\u00bb background_position=\u00bbtop_left\u00bb background_repeat=\u00bbrepeat\u00bb width=\u00bb94%\u00bb width_tablet=\u00bb80%\u00bb width_phone=\u00bb\u00bb width_last_edited=\u00bbon|desktop\u00bb max_width=\u00bb94%\u00bb max_width_tablet=\u00bb80%\u00bb max_width_phone=\u00bb\u00bb max_width_last_edited=\u00bbon|desktop\u00bb make_fullwidth=\u00bbon\u00bb use_custom_width=\u00bboff\u00bb width_unit=\u00bbon\u00bb global_colors_info=\u00bb{}\u00bb][et_pb_column type=\u00bb4_4&#8243; _builder_version=\u00bb4.16&#8243; custom_padding=\u00bb|||\u00bb global_colors_info=\u00bb{}\u00bb custom_padding__hover=\u00bb|||\u00bb][et_pb_text admin_label=\u00bbTexto\u00bb _builder_version=\u00bb4.16&#8243; background_size=\u00bbinitial\u00bb background_position=\u00bbtop_left\u00bb background_repeat=\u00bbrepeat\u00bb text_orientation=\u00bbcenter\u00bb module_alignment=\u00bbcenter\u00bb use_border_color=\u00bboff\u00bb border_color=\u00bb#ffffff\u00bb border_style=\u00bbsolid\u00bb global_colors_info=\u00bb{}\u00bb]<iframe loading=\"lazy\" style=\"border: 0;\" tabindex=\"0\" src=\"https:\/\/www.google.com\/maps\/embed?pb=!1m18!1m12!1m3!1d3168.4586479612494!2d-5.976433584343683!3d37.4262685554629!2m3!1f0!2f0!3f0!3m2!1i1024!2i768!4f13.1!3m3!1m2!1s0xd126c1d5bacc1ad%3A0x7010646cbab46398!2sESSDM%20Escuela%20Sevilla%20de%20Moda!5e0!3m2!1ses!2ses!4v1584436658182!5m2!1ses!2ses\" width=\"2000\" height=\"300\" frameborder=\"0\" allowfullscreen=\"allowfullscreen\" aria-hidden=\"false\"><\/iframe><br \/>\n[\/et_pb_text][et_pb_social_media_follow follow_button=\u00bbon\u00bb admin_label=\u00bbSeguir en medios sociales\u00bb _builder_version=\u00bb4.25.1&#8243; border_radii=\u00bbon|100%|100%|100%|100%\u00bb link_shape=\u00bbcircle\u00bb global_colors_info=\u00bb{}\u00bb][et_pb_social_media_follow_network social_network=\u00bblinkedin\u00bb url=\u00bbhttps:\/\/www.linkedin.com\/company\/sevilla-de-moda\u00bb _builder_version=\u00bb4.25.1&#8243; background_color=\u00bb#007bb6&#8243; bg_color=\u00bb#007bb6&#8243; global_colors_info=\u00bb{}\u00bb follow_button=\u00bbon\u00bb url_new_window=\u00bbon\u00bb] LinkedIn [\/et_pb_social_media_follow_network][et_pb_social_media_follow_network social_network=\u00bbfacebook\u00bb url=\u00bbhttps:\/\/www.facebook.com\/escuelasevillademoda\u00bb _builder_version=\u00bb4.16&#8243; background_color=\u00bb#3b5998&#8243; bg_color=\u00bb#3b5998&#8243; global_colors_info=\u00bb{}\u00bb follow_button=\u00bbon\u00bb url_new_window=\u00bbon\u00bb] Facebook [\/et_pb_social_media_follow_network][et_pb_social_media_follow_network social_network=\u00bbinstagram\u00bb url=\u00bbhttps:\/\/www.instagram.com\/sevillademoda\u00bb _builder_version=\u00bb4.16&#8243; background_color=\u00bb#517fa4&#8243; bg_color=\u00bb#517fa4&#8243; global_colors_info=\u00bb{}\u00bb follow_button=\u00bbon\u00bb url_new_window=\u00bbon\u00bb] Instagram [\/et_pb_social_media_follow_network][et_pb_social_media_follow_network social_network=\u00bbtwitter\u00bb url=\u00bbhttps:\/\/twitter.com\/sevillademoda\u00bb _builder_version=\u00bb4.22.2&#8243; background_color=\u00bb#000000&#8243; bg_color=\u00bb#00aced\u00bb global_colors_info=\u00bb{}\u00bb follow_button=\u00bbon\u00bb url_new_window=\u00bbon\u00bb] Twitter [\/et_pb_social_media_follow_network][et_pb_social_media_follow_network social_network=\u00bbtiktok\u00bb url=\u00bbhttps:\/\/www.tiktok.com\/@sevillademoda\u00bb _builder_version=\u00bb4.25.1&#8243; _module_preset=\u00bbdefault\u00bb background_color=\u00bb#fe2c55&#8243; global_colors_info=\u00bb{}\u00bb follow_button=\u00bbon\u00bb url_new_window=\u00bbon\u00bb]tiktok[\/et_pb_social_media_follow_network][\/et_pb_social_media_follow][\/et_pb_column][\/et_pb_row][\/et_pb_section]<\/p>\n","protected":false},"excerpt":{"rendered":"<p>ESSDM ESCUELA SUPERIOR SEVILLA DE MODA Avenida de la Ingenier\u00eda, 9 Parque Empresarial Arte Sacro 41015. Sevilla HORARIO De Lunes a Viernes 08:00 H &#8211; 20:00 H Horario IninterrumpidoCONTACTA Tel\u00e9fono fijo: 954 41 38 07 &#8211; 955 13 81 75Email: info@essdm.esWeb: www.essdm.esSOLICITA INFORMACI\u00d3N O GESTIONA TU ENTREVISTA ONLINE C\u00d3MO LLEGAR A ESSDM &nbsp;<\/p>\n","protected":false},"author":1,"featured_media":0,"parent":0,"menu_order":4,"comment_status":"closed","ping_status":"closed","template":"","meta":{"_et_pb_use_builder":"on","_et_pb_old_content":"","_et_gb_content_width":"","_joinchat":{"view":"yes"},"footnotes":""},"class_list":["post-114","page","type-page","status-publish","hentry"],"_links":{"self":[{"href":"https:\/\/www.sevillademoda.es\/escuela\/wp-json\/wp\/v2\/pages\/114","targetHints":{"allow":["GET"]}}],"collection":[{"href":"https:\/\/www.sevillademoda.es\/escuela\/wp-json\/wp\/v2\/pages"}],"about":[{"href":"https:\/\/www.sevillademoda.es\/escuela\/wp-json\/wp\/v2\/types\/page"}],"author":[{"embeddable":true,"href":"https:\/\/www.sevillademoda.es\/escuela\/wp-json\/wp\/v2\/users\/1"}],"replies":[{"embeddable":true,"href":"https:\/\/www.sevillademoda.es\/escuela\/wp-json\/wp\/v2\/comments?post=114"}],"version-history":[{"count":79,"href":"https:\/\/www.sevillademoda.es\/escuela\/wp-json\/wp\/v2\/pages\/114\/revisions"}],"predecessor-version":[{"id":16235,"href":"https:\/\/www.sevillademoda.es\/escuela\/wp-json\/wp\/v2\/pages\/114\/revisions\/16235"}],"wp:attachment":[{"href":"https:\/\/www.sevillademoda.es\/escuela\/wp-json\/wp\/v2\/media?parent=114"}],"curies":[{"name":"wp","href":"https:\/\/api.w.org\/{rel}","templated":true}]}}